{"version":"1.0","provider_name":"Kosova Times","provider_url":"https:\/\/kosovatimes.info","author_name":"i l","author_url":"https:\/\/kosovatimes.info\/index.php\/author\/iliri\/","title":"Shpirti mesdhetar n\u00eb Zvic\u00ebr \u2013 Monte Karlo n\u00eb liqen - Kosova Times","type":"rich","width":600,"height":338,"html":"<blockquote class=\"wp-embedded-content\" data-secret=\"nsoyh5W8vb\"><a href=\"https:\/\/kosovatimes.info\/index.php\/2026\/05\/01\/shpirti-mesdhetar-ne-zvicer-monte-karlo-ne-liqen\/\">Shpirti mesdhetar n\u00eb Zvic\u00ebr \u2013 Monte Karlo n\u00eb liqen<\/a><\/blockquote><iframe sandbox=\"allow-scripts\" security=\"restricted\" src=\"https:\/\/kosovatimes.info\/index.php\/2026\/05\/01\/shpirti-mesdhetar-ne-zvicer-monte-karlo-ne-liqen\/embed\/#?secret=nsoyh5W8vb\" width=\"600\" height=\"338\" title=\"&#8220;Shpirti mesdhetar n\u00eb Zvic\u00ebr \u2013 Monte Karlo n\u00eb liqen&#8221; &#8212; Kosova Times\" data-secret=\"nsoyh5W8vb\" frameborder=\"0\" marginwidth=\"0\" marginheight=\"0\" scrolling=\"no\" class=\"wp-embedded-content\"><\/iframe><script type=\"text\/javascript\">\n\/* <![CDATA[ *\/\n\/*! This file is auto-generated *\/\n!function(d,l){\"use strict\";l.querySelector&&d.addEventListener&&\"undefined\"!=typeof URL&&(d.wp=d.wp||{},d.wp.receiveEmbedMessage||(d.wp.receiveEmbedMessage=function(e){var t=e.data;if((t||t.secret||t.message||t.value)&&!\/[^a-zA-Z0-9]\/.test(t.secret)){for(var s,r,n,a=l.querySelectorAll('iframe[data-secret=\"'+t.secret+'\"]'),o=l.querySelectorAll('blockquote[data-secret=\"'+t.secret+'\"]'),c=new RegExp(\"^https?:$\",\"i\"),i=0;i<o.length;i++)o[i].style.display=\"none\";for(i=0;i<a.length;i++)s=a[i],e.source===s.contentWindow&&(s.removeAttribute(\"style\"),\"height\"===t.message?(1e3<(r=parseInt(t.value,10))?r=1e3:~~r<200&&(r=200),s.height=r):\"link\"===t.message&&(r=new URL(s.getAttribute(\"src\")),n=new URL(t.value),c.test(n.protocol))&&n.host===r.host&&l.activeElement===s&&(d.top.location.href=t.value))}},d.addEventListener(\"message\",d.wp.receiveEmbedMessage,!1),l.addEventListener(\"DOMContentLoaded\",function(){for(var e,t,s=l.querySelectorAll(\"iframe.wp-embedded-content\"),r=0;r<s.length;r++)(t=(e=s[r]).getAttribute(\"data-secret\"))||(t=Math.random().toString(36).substring(2,12),e.src+=\"#?secret=\"+t,e.setAttribute(\"data-secret\",t)),e.contentWindow.postMessage({message:\"ready\",secret:t},\"*\")},!1)))}(window,document);\n\/\/# sourceURL=https:\/\/kosovatimes.info\/wp-includes\/js\/wp-embed.min.js\n\/* ]]> *\/\n<\/script>\n","thumbnail_url":"https:\/\/kosovatimes.info\/wp-content\/uploads\/2026\/05\/Lugano.jpg","thumbnail_width":1200,"thumbnail_height":802,"description":"Lugano \u00ebsht\u00eb ai cep i ve\u00e7ant\u00eb n\u00eb jug t\u00eb Zvicr\u00ebs ku preciziteti i p\u00ebrsosur takohet me sharmin e v\u00ebrtet\u00eb mesdhetar, k\u00ebshtu q\u00eb nuk \u00ebsht\u00eb \u00e7udi q\u00eb quhet &#8220;Monte Karlo i Liqeneve&#8221;. Sapo t\u00eb hyni n\u00eb kantonin e Ticinos, do t\u00eb ndjeni nj\u00eb ndryshim drastik. N\u00eb vend t\u00eb gjermanishtes, d\u00ebgjoni italisht, ritmi i jet\u00ebs \u00ebsht\u00eb m\u00eb [&hellip;]"}