{"version":"1.0","provider_name":"Kosova Times","provider_url":"https:\/\/kosovatimes.info","author_name":"i l","author_url":"https:\/\/kosovatimes.info\/index.php\/author\/iliri\/","title":"`Ora e Pritjes` nis edhe n\u00eb Malishev\u00eb - Kosova Times","type":"rich","width":600,"height":338,"html":"<blockquote class=\"wp-embedded-content\" data-secret=\"LW6g4teUMn\"><a href=\"https:\/\/kosovatimes.info\/index.php\/2026\/08\/31\/ora-e-pritjes-nis-edhe-ne-malisheve\/\">`Ora e Pritjes` nis edhe n\u00eb Malishev\u00eb<\/a><\/blockquote><iframe sandbox=\"allow-scripts\" security=\"restricted\" src=\"https:\/\/kosovatimes.info\/index.php\/2026\/08\/31\/ora-e-pritjes-nis-edhe-ne-malisheve\/embed\/#?secret=LW6g4teUMn\" width=\"600\" height=\"338\" title=\"&#8220;`Ora e Pritjes` nis edhe n\u00eb Malishev\u00eb&#8221; &#8212; Kosova Times\" data-secret=\"LW6g4teUMn\" frameborder=\"0\" marginwidth=\"0\" marginheight=\"0\" scrolling=\"no\" class=\"wp-embedded-content\"><\/iframe><script>\n\/*! This file is auto-generated *\/\n!function(d,l){\"use strict\";l.querySelector&&d.addEventListener&&\"undefined\"!=typeof URL&&(d.wp=d.wp||{},d.wp.receiveEmbedMessage||(d.wp.receiveEmbedMessage=function(e){var t=e.data;if((t||t.secret||t.message||t.value)&&!\/[^a-zA-Z0-9]\/.test(t.secret)){for(var s,r,n,a=l.querySelectorAll('iframe[data-secret=\"'+t.secret+'\"]'),o=l.querySelectorAll('blockquote[data-secret=\"'+t.secret+'\"]'),c=new RegExp(\"^https?:$\",\"i\"),i=0;i<o.length;i++)o[i].style.display=\"none\";for(i=0;i<a.length;i++)s=a[i],e.source===s.contentWindow&&(s.removeAttribute(\"style\"),\"height\"===t.message?(1e3<(r=parseInt(t.value,10))?r=1e3:~~r<200&&(r=200),s.height=r):\"link\"===t.message&&(r=new URL(s.getAttribute(\"src\")),n=new URL(t.value),c.test(n.protocol))&&n.host===r.host&&l.activeElement===s&&(d.top.location.href=t.value))}},d.addEventListener(\"message\",d.wp.receiveEmbedMessage,!1),l.addEventListener(\"DOMContentLoaded\",function(){for(var e,t,s=l.querySelectorAll(\"iframe.wp-embedded-content\"),r=0;r<s.length;r++)(t=(e=s[r]).getAttribute(\"data-secret\"))||(t=Math.random().toString(36).substring(2,12),e.src+=\"#?secret=\"+t,e.setAttribute(\"data-secret\",t)),e.contentWindow.postMessage({message:\"ready\",secret:t},\"*\")},!1)))}(window,document);\n\/\/# sourceURL=https:\/\/kosovatimes.info\/wp-includes\/js\/wp-embed.min.js\n<\/script>\n","thumbnail_url":"https:\/\/kosovatimes.info\/wp-content\/uploads\/2026\/08\/MAlisheve.jpeg","thumbnail_width":780,"thumbnail_height":500,"description":"22:04 \/ 31.08.2026 `Ora e Pritjes` nis edhe n\u00eb Malishev\u00eb V.Th \/ RTKLive \u201cOra e Pritjes\u201d ka nisur edhe n\u00eb Malishev\u00eb, duke iu bashkuar qyteteve t\u00eb tjera t\u00eb Kosov\u00ebs n\u00eb num\u00ebrimin mbrapsht drejt 16 shtatorit, dit\u00ebs kur pritet aktgjykimi ndaj Hashim Tha\u00e7it, Kadri Veselit, Jakup Krasniqit dhe Rexhep Selimit. N\u00eb aktivitetin e organizuar n\u00eb Malishev\u00eb [&hellip;]"}