{"version":"1.0","provider_name":"Kosova Times","provider_url":"https:\/\/kosovatimes.info","author_name":"i l","author_url":"https:\/\/kosovatimes.info\/index.php\/author\/iliri\/","title":"Pjetri i Madh futi nj\u00eb taks\u00eb mbi mjekrat - Kosova Times","type":"rich","width":600,"height":338,"html":"<blockquote class=\"wp-embedded-content\" data-secret=\"lEIRFNzB0s\"><a href=\"https:\/\/kosovatimes.info\/index.php\/2026\/09\/05\/pjetri-i-madh-futi-nje-takse-mbi-mjekrat\/\">Pjetri i Madh futi nj\u00eb taks\u00eb mbi mjekrat<\/a><\/blockquote><iframe sandbox=\"allow-scripts\" security=\"restricted\" src=\"https:\/\/kosovatimes.info\/index.php\/2026\/09\/05\/pjetri-i-madh-futi-nje-takse-mbi-mjekrat\/embed\/#?secret=lEIRFNzB0s\" width=\"600\" height=\"338\" title=\"&#8220;Pjetri i Madh futi nj\u00eb taks\u00eb mbi mjekrat&#8221; &#8212; Kosova Times\" data-secret=\"lEIRFNzB0s\" frameborder=\"0\" marginwidth=\"0\" marginheight=\"0\" scrolling=\"no\" class=\"wp-embedded-content\"><\/iframe><script>\n\/*! This file is auto-generated *\/\n!function(d,l){\"use strict\";l.querySelector&&d.addEventListener&&\"undefined\"!=typeof URL&&(d.wp=d.wp||{},d.wp.receiveEmbedMessage||(d.wp.receiveEmbedMessage=function(e){var t=e.data;if((t||t.secret||t.message||t.value)&&!\/[^a-zA-Z0-9]\/.test(t.secret)){for(var s,r,n,a=l.querySelectorAll('iframe[data-secret=\"'+t.secret+'\"]'),o=l.querySelectorAll('blockquote[data-secret=\"'+t.secret+'\"]'),c=new RegExp(\"^https?:$\",\"i\"),i=0;i<o.length;i++)o[i].style.display=\"none\";for(i=0;i<a.length;i++)s=a[i],e.source===s.contentWindow&&(s.removeAttribute(\"style\"),\"height\"===t.message?(1e3<(r=parseInt(t.value,10))?r=1e3:~~r<200&&(r=200),s.height=r):\"link\"===t.message&&(r=new URL(s.getAttribute(\"src\")),n=new URL(t.value),c.test(n.protocol))&&n.host===r.host&&l.activeElement===s&&(d.top.location.href=t.value))}},d.addEventListener(\"message\",d.wp.receiveEmbedMessage,!1),l.addEventListener(\"DOMContentLoaded\",function(){for(var e,t,s=l.querySelectorAll(\"iframe.wp-embedded-content\"),r=0;r<s.length;r++)(t=(e=s[r]).getAttribute(\"data-secret\"))||(t=Math.random().toString(36).substring(2,12),e.src+=\"#?secret=\"+t,e.setAttribute(\"data-secret\",t)),e.contentWindow.postMessage({message:\"ready\",secret:t},\"*\")},!1)))}(window,document);\n\/\/# sourceURL=https:\/\/kosovatimes.info\/wp-includes\/js\/wp-embed.min.js\n<\/script>\n","thumbnail_url":"https:\/\/kosovatimes.info\/wp-content\/uploads\/2026\/09\/Pjetri.jpg","thumbnail_width":765,"thumbnail_height":471,"description":"Mjekrat n\u00eb Rusi n\u00eb fund t\u00eb shekullit t\u00eb 17-t\u00eb nuk ishin vet\u00ebm \u00e7\u00ebshtje mode. Ato ishin nj\u00eb shenj\u00eb tradite, statusi shoq\u00ebror dhe, p\u00ebr shum\u00eb rus\u00eb, identiteti fetar. Kjo \u00ebsht\u00eb arsyeja pse vendimi i Car Pjetrit I t\u00eb Madh p\u00ebr t&#8217;i detyruar n\u00ebnshtetasit e tij t\u00eb rruanin shkaktoi nj\u00eb tronditje t\u00eb v\u00ebrtet\u00eb kulturore. 5 shtatori 1698 [&hellip;]"}